{"id":1698,"date":"2024-09-25T22:23:51","date_gmt":"2024-09-25T20:23:51","guid":{"rendered":"https:\/\/citikert.hu\/?post_type=referenciak&#038;p=1698"},"modified":"2024-10-08T08:59:33","modified_gmt":"2024-10-08T06:59:33","slug":"etyeki-borospince","status":"publish","type":"referenciak","link":"https:\/\/citikert.hu\/en\/referenciak\/etyeki-borospince\/","title":{"rendered":"Etyeki borospince"},"content":{"rendered":"<p>A legf\u0151bb kih\u00edv\u00e1st a telek m\u00e9retei \u00e9s annak er\u0151s lejt\u00e9se jelentette. 8 m\u00e9ter sz\u00e9les \u00e9s 30 m\u00e9ter hossz\u00fas\u00e1g\u00fa a kert. A lejt\u00e9s annyira er\u0151teljes volt, hogy a h\u00e1zhoz el\u0151tti terasz al\u00e1 be tudtunk tervezni m\u00e9g egy pincehelys\u00e9get. Ezen fel\u00fcl tervez\u00e9sn\u00e9l fontos szempont volt, hogy az intimit\u00e1st ne egy \u00e1tl\u00e1thatatlan ker\u00edt\u00e9s biztos\u00edtsa, hanem \u00fcde, z\u00f6ldell\u0151 s\u00f6v\u00e9ny. Kivitelez\u00e9s sor\u00e1n egy hatalmas erdei feny\u0151 k\u00f6r\u00e9 \u00e9p\u00edtett\u00fck a teraszt, tiszteletben tartva ez\u00e1ltal a n\u00f6v\u00e9nyt \u00e9s annak kor\u00e1t.<\/p>\n<p>&nbsp;<\/p>","protected":false},"featured_media":1701,"parent":0,"template":"","class_list":["post-1698","referenciak","type-referenciak","status-publish","has-post-thumbnail","hentry"],"acf":[],"yoast_head":"<!-- This site is optimized with the Yoast SEO plugin v27.4 - https:\/\/yoast.com\/product\/yoast-seo-wordpress\/ -->\n<title>Etyeki borospince - Citikert<\/title>\n<meta name=\"robots\" content=\"index, follow, max-snippet:-1, max-image-preview:large, max-video-preview:-1\" \/>\n<link rel=\"canonical\" href=\"https:\/\/citikert.hu\/en\/referenciak\/etyeki-borospince\/\" \/>\n<meta property=\"og:locale\" content=\"en_GB\" \/>\n<meta property=\"og:type\" content=\"article\" \/>\n<meta property=\"og:title\" content=\"Etyeki borospince - Citikert\" \/>\n<meta property=\"og:description\" content=\"A legf\u0151bb kih\u00edv\u00e1st a telek m\u00e9retei \u00e9s annak er\u0151s lejt\u00e9se jelentette. 8 m\u00e9ter sz\u00e9les \u00e9s 30 m\u00e9ter hossz\u00fas\u00e1g\u00fa a kert. A lejt\u00e9s annyira er\u0151teljes volt, hogy a h\u00e1zhoz el\u0151tti terasz al\u00e1 be tudtunk tervezni m\u00e9g egy pincehelys\u00e9get. Ezen fel\u00fcl tervez\u00e9sn\u00e9l fontos szempont volt, hogy az intimit\u00e1st ne egy \u00e1tl\u00e1thatatlan ker\u00edt\u00e9s biztos\u00edtsa, hanem \u00fcde, z\u00f6ldell\u0151 s\u00f6v\u00e9ny. [&hellip;]\" \/>\n<meta property=\"og:url\" content=\"https:\/\/citikert.hu\/en\/referenciak\/etyeki-borospince\/\" \/>\n<meta property=\"og:site_name\" content=\"Citikert\" \/>\n<meta property=\"article:publisher\" content=\"https:\/\/www.facebook.com\/CitiKert\" \/>\n<meta property=\"article:modified_time\" content=\"2024-10-08T06:59:33+00:00\" \/>\n<meta property=\"og:image\" content=\"http:\/\/citikert.hu\/wp-content\/uploads\/2024\/09\/1.jpg\" \/>\n\t<meta property=\"og:image:width\" content=\"2048\" \/>\n\t<meta property=\"og:image:height\" content=\"1361\" \/>\n\t<meta property=\"og:image:type\" content=\"image\/jpeg\" \/>\n<meta name=\"twitter:card\" content=\"summary_large_image\" \/>\n<meta name=\"twitter:label1\" content=\"Estimated reading time\" \/>\n\t<meta name=\"twitter:data1\" content=\"1 minute\" \/>\n<script type=\"application\/ld+json\" class=\"yoast-schema-graph\">{\"@context\":\"https:\\\/\\\/schema.org\",\"@graph\":[{\"@type\":\"WebPage\",\"@id\":\"https:\\\/\\\/citikert.hu\\\/referenciak\\\/etyeki-borospince\\\/\",\"url\":\"https:\\\/\\\/citikert.hu\\\/referenciak\\\/etyeki-borospince\\\/\",\"name\":\"Etyeki borospince - Citikert\",\"isPartOf\":{\"@id\":\"http:\\\/\\\/citikert.hu\\\/#website\"},\"primaryImageOfPage\":{\"@id\":\"https:\\\/\\\/citikert.hu\\\/referenciak\\\/etyeki-borospince\\\/#primaryimage\"},\"image\":{\"@id\":\"https:\\\/\\\/citikert.hu\\\/referenciak\\\/etyeki-borospince\\\/#primaryimage\"},\"thumbnailUrl\":\"https:\\\/\\\/citikert.hu\\\/wp-content\\\/uploads\\\/2024\\\/09\\\/1.jpg\",\"datePublished\":\"2024-09-25T20:23:51+00:00\",\"dateModified\":\"2024-10-08T06:59:33+00:00\",\"breadcrumb\":{\"@id\":\"https:\\\/\\\/citikert.hu\\\/referenciak\\\/etyeki-borospince\\\/#breadcrumb\"},\"inLanguage\":\"en-GB\",\"potentialAction\":[{\"@type\":\"ReadAction\",\"target\":[\"https:\\\/\\\/citikert.hu\\\/referenciak\\\/etyeki-borospince\\\/\"]}]},{\"@type\":\"ImageObject\",\"inLanguage\":\"en-GB\",\"@id\":\"https:\\\/\\\/citikert.hu\\\/referenciak\\\/etyeki-borospince\\\/#primaryimage\",\"url\":\"https:\\\/\\\/citikert.hu\\\/wp-content\\\/uploads\\\/2024\\\/09\\\/1.jpg\",\"contentUrl\":\"https:\\\/\\\/citikert.hu\\\/wp-content\\\/uploads\\\/2024\\\/09\\\/1.jpg\",\"width\":2048,\"height\":1361},{\"@type\":\"BreadcrumbList\",\"@id\":\"https:\\\/\\\/citikert.hu\\\/referenciak\\\/etyeki-borospince\\\/#breadcrumb\",\"itemListElement\":[{\"@type\":\"ListItem\",\"position\":1,\"name\":\"Kezd\u0151lap\",\"item\":\"https:\\\/\\\/citikert.hu\\\/\"},{\"@type\":\"ListItem\",\"position\":2,\"name\":\"Referenci\u00e1k\",\"item\":\"https:\\\/\\\/citikert.hu\\\/en\\\/referenciak\\\/\"},{\"@type\":\"ListItem\",\"position\":3,\"name\":\"Etyeki borospince\"}]},{\"@type\":\"WebSite\",\"@id\":\"http:\\\/\\\/citikert.hu\\\/#website\",\"url\":\"http:\\\/\\\/citikert.hu\\\/\",\"name\":\"Citikert\",\"description\":\"Az \u00e9letst\u00edlus\u00e1t \u00e9p\u00edtj\u00fck a kertj\u00e9be.\",\"publisher\":{\"@id\":\"http:\\\/\\\/citikert.hu\\\/#organization\"},\"potentialAction\":[{\"@type\":\"SearchAction\",\"target\":{\"@type\":\"EntryPoint\",\"urlTemplate\":\"http:\\\/\\\/citikert.hu\\\/?s={search_term_string}\"},\"query-input\":{\"@type\":\"PropertyValueSpecification\",\"valueRequired\":true,\"valueName\":\"search_term_string\"}}],\"inLanguage\":\"en-GB\"},{\"@type\":\"Organization\",\"@id\":\"http:\\\/\\\/citikert.hu\\\/#organization\",\"name\":\"Citikert\",\"url\":\"http:\\\/\\\/citikert.hu\\\/\",\"logo\":{\"@type\":\"ImageObject\",\"inLanguage\":\"en-GB\",\"@id\":\"http:\\\/\\\/citikert.hu\\\/#\\\/schema\\\/logo\\\/image\\\/\",\"url\":\"https:\\\/\\\/citikert.hu\\\/wp-content\\\/uploads\\\/2024\\\/04\\\/citikert-logo.png\",\"contentUrl\":\"https:\\\/\\\/citikert.hu\\\/wp-content\\\/uploads\\\/2024\\\/04\\\/citikert-logo.png\",\"width\":286,\"height\":96,\"caption\":\"Citikert\"},\"image\":{\"@id\":\"http:\\\/\\\/citikert.hu\\\/#\\\/schema\\\/logo\\\/image\\\/\"},\"sameAs\":[\"https:\\\/\\\/www.facebook.com\\\/CitiKert\",\"https:\\\/\\\/www.instagram.com\\\/citikert\\\/\"]}]}<\/script>\n<!-- \/ Yoast SEO plugin. -->","yoast_head_json":{"title":"Etyeki borospince - Citikert","robots":{"index":"index","follow":"follow","max-snippet":"max-snippet:-1","max-image-preview":"max-image-preview:large","max-video-preview":"max-video-preview:-1"},"canonical":"https:\/\/citikert.hu\/en\/referenciak\/etyeki-borospince\/","og_locale":"en_GB","og_type":"article","og_title":"Etyeki borospince - Citikert","og_description":"A legf\u0151bb kih\u00edv\u00e1st a telek m\u00e9retei \u00e9s annak er\u0151s lejt\u00e9se jelentette. 8 m\u00e9ter sz\u00e9les \u00e9s 30 m\u00e9ter hossz\u00fas\u00e1g\u00fa a kert. A lejt\u00e9s annyira er\u0151teljes volt, hogy a h\u00e1zhoz el\u0151tti terasz al\u00e1 be tudtunk tervezni m\u00e9g egy pincehelys\u00e9get. Ezen fel\u00fcl tervez\u00e9sn\u00e9l fontos szempont volt, hogy az intimit\u00e1st ne egy \u00e1tl\u00e1thatatlan ker\u00edt\u00e9s biztos\u00edtsa, hanem \u00fcde, z\u00f6ldell\u0151 s\u00f6v\u00e9ny. [&hellip;]","og_url":"https:\/\/citikert.hu\/en\/referenciak\/etyeki-borospince\/","og_site_name":"Citikert","article_publisher":"https:\/\/www.facebook.com\/CitiKert","article_modified_time":"2024-10-08T06:59:33+00:00","og_image":[{"width":2048,"height":1361,"url":"http:\/\/citikert.hu\/wp-content\/uploads\/2024\/09\/1.jpg","type":"image\/jpeg"}],"twitter_card":"summary_large_image","twitter_misc":{"Estimated reading time":"1 minute"},"schema":{"@context":"https:\/\/schema.org","@graph":[{"@type":"WebPage","@id":"https:\/\/citikert.hu\/referenciak\/etyeki-borospince\/","url":"https:\/\/citikert.hu\/referenciak\/etyeki-borospince\/","name":"Etyeki borospince - Citikert","isPartOf":{"@id":"http:\/\/citikert.hu\/#website"},"primaryImageOfPage":{"@id":"https:\/\/citikert.hu\/referenciak\/etyeki-borospince\/#primaryimage"},"image":{"@id":"https:\/\/citikert.hu\/referenciak\/etyeki-borospince\/#primaryimage"},"thumbnailUrl":"https:\/\/citikert.hu\/wp-content\/uploads\/2024\/09\/1.jpg","datePublished":"2024-09-25T20:23:51+00:00","dateModified":"2024-10-08T06:59:33+00:00","breadcrumb":{"@id":"https:\/\/citikert.hu\/referenciak\/etyeki-borospince\/#breadcrumb"},"inLanguage":"en-GB","potentialAction":[{"@type":"ReadAction","target":["https:\/\/citikert.hu\/referenciak\/etyeki-borospince\/"]}]},{"@type":"ImageObject","inLanguage":"en-GB","@id":"https:\/\/citikert.hu\/referenciak\/etyeki-borospince\/#primaryimage","url":"https:\/\/citikert.hu\/wp-content\/uploads\/2024\/09\/1.jpg","contentUrl":"https:\/\/citikert.hu\/wp-content\/uploads\/2024\/09\/1.jpg","width":2048,"height":1361},{"@type":"BreadcrumbList","@id":"https:\/\/citikert.hu\/referenciak\/etyeki-borospince\/#breadcrumb","itemListElement":[{"@type":"ListItem","position":1,"name":"Kezd\u0151lap","item":"https:\/\/citikert.hu\/"},{"@type":"ListItem","position":2,"name":"Referenci\u00e1k","item":"https:\/\/citikert.hu\/en\/referenciak\/"},{"@type":"ListItem","position":3,"name":"Etyeki borospince"}]},{"@type":"WebSite","@id":"http:\/\/citikert.hu\/#website","url":"http:\/\/citikert.hu\/","name":"Citikert","description":"Lifestyle built into your garden.","publisher":{"@id":"http:\/\/citikert.hu\/#organization"},"potentialAction":[{"@type":"SearchAction","target":{"@type":"EntryPoint","urlTemplate":"http:\/\/citikert.hu\/?s={search_term_string}"},"query-input":{"@type":"PropertyValueSpecification","valueRequired":true,"valueName":"search_term_string"}}],"inLanguage":"en-GB"},{"@type":"Organization","@id":"http:\/\/citikert.hu\/#organization","name":"Citikert","url":"http:\/\/citikert.hu\/","logo":{"@type":"ImageObject","inLanguage":"en-GB","@id":"http:\/\/citikert.hu\/#\/schema\/logo\/image\/","url":"https:\/\/citikert.hu\/wp-content\/uploads\/2024\/04\/citikert-logo.png","contentUrl":"https:\/\/citikert.hu\/wp-content\/uploads\/2024\/04\/citikert-logo.png","width":286,"height":96,"caption":"Citikert"},"image":{"@id":"http:\/\/citikert.hu\/#\/schema\/logo\/image\/"},"sameAs":["https:\/\/www.facebook.com\/CitiKert","https:\/\/www.instagram.com\/citikert\/"]}]}},"_links":{"self":[{"href":"https:\/\/citikert.hu\/en\/wp-json\/wp\/v2\/referenciak\/1698","targetHints":{"allow":["GET"]}}],"collection":[{"href":"https:\/\/citikert.hu\/en\/wp-json\/wp\/v2\/referenciak"}],"about":[{"href":"https:\/\/citikert.hu\/en\/wp-json\/wp\/v2\/types\/referenciak"}],"wp:featuredmedia":[{"embeddable":true,"href":"https:\/\/citikert.hu\/en\/wp-json\/wp\/v2\/media\/1701"}],"wp:attachment":[{"href":"https:\/\/citikert.hu\/en\/wp-json\/wp\/v2\/media?parent=1698"}],"curies":[{"name":"wp","href":"https:\/\/api.w.org\/{rel}","templated":true}]}}